{"id":275,"date":"2026-01-30T14:18:14","date_gmt":"2026-01-30T14:18:14","guid":{"rendered":"https:\/\/ccjura.ch\/?page_id=275"},"modified":"2026-01-30T14:28:09","modified_gmt":"2026-01-30T14:28:09","slug":"275-2","status":"publish","type":"page","link":"https:\/\/ccjura.ch\/?page_id=275","title":{"rendered":"\u00c0 propos"},"content":{"rendered":"<p>[et_pb_section fb_built=\u00a0\u00bb1&Prime; _builder_version=\u00a0\u00bb4.27.4&Prime; _module_preset=\u00a0\u00bbdefault\u00a0\u00bb min_height=\u00a0\u00bb1060.5px\u00a0\u00bb custom_padding=\u00a0\u00bb0px|||||\u00a0\u00bb][et_pb_row _builder_version=\u00a0\u00bb4.27.4&Prime; _module_preset=\u00a0\u00bbdefault\u00a0\u00bb min_height=\u00a0\u00bb493.1px\u00a0\u00bb custom_margin=\u00a0\u00bbauto|auto|auto|auto|false|false\u00a0\u00bb custom_padding=\u00a0\u00bb||||false|false\u00a0\u00bb global_colors_info=\u00a0\u00bb{}\u00a0\u00bb][et_pb_column type=\u00a0\u00bb4_4&Prime; _builder_version=\u00a0\u00bb4.27.4&Prime; _module_preset=\u00a0\u00bbdefault\u00a0\u00bb global_colors_info=\u00a0\u00bb{}\u00a0\u00bb][et_pb_text _builder_version=\u00a0\u00bb4.27.4&Prime; _module_preset=\u00a0\u00bbdefault\u00a0\u00bb custom_margin=\u00a0\u00bb||5px|||\u00a0\u00bb custom_padding=\u00a0\u00bb||41px|||\u00a0\u00bb global_colors_info=\u00a0\u00bb{}\u00a0\u00bb]<\/p>\n<h2>A propos de nous<\/h2>\n<p>&nbsp;<\/p>\n<h4>L&rsquo;inspectorat<\/h4>\n<p>Deux inspecteurs effectuent les contr\u00f4les de chantiers sur le territoire du canton du Jura au nom de l&rsquo;AICPJ. Le secr\u00e9tariat est assur\u00e9 par le bureau des m\u00e9tiers de la FER-Arcju \u00e0 Porrentruy.<\/p>\n<table border=\"1\" style=\"border-collapse: collapse; width: 100%; height: 120px;\">\n<tbody>\n<tr style=\"height: 24px;\">\n<td style=\"width: 25%; height: 24px;\"><strong>Collaborateur<\/strong><\/td>\n<td style=\"width: 25%; height: 24px;\"><strong>R\u00f4le<\/strong><\/td>\n<td style=\"width: 25%; height: 24px;\"><strong>Adresse mail<\/strong><\/td>\n<td style=\"width: 25%; height: 24px;\"><strong>T\u00e9l\u00e9phone direct<\/strong><\/td>\n<\/tr>\n<tr style=\"height: 24px;\">\n<td style=\"width: 25%; height: 24px;\">St\u00e8ve Meylan<\/td>\n<td style=\"width: 25%; height: 24px;\">Inspecteur des chantiers<\/td>\n<td style=\"width: 25%; height: 24px;\">steve.meylan@ccjura.ch<\/td>\n<td style=\"width: 25%; height: 24px;\">079 441 37 99<\/td>\n<\/tr>\n<tr style=\"height: 24px;\">\n<td style=\"width: 25%; height: 24px;\">Hubert Thalmann<\/td>\n<td style=\"width: 25%; height: 24px;\">Inspecteur des chantiers<\/td>\n<td style=\"width: 25%; height: 24px;\">hubert.thalmann@ccjura.ch<\/td>\n<td style=\"width: 25%; height: 24px;\">079 231 74 71<\/td>\n<\/tr>\n<tr style=\"height: 24px;\">\n<td style=\"width: 25%; height: 24px;\">Emma Tyrole<\/td>\n<td style=\"width: 25%; height: 24px;\">Secr\u00e9taire administrative<\/td>\n<td style=\"width: 25%; height: 24px;\">emma.tyrole@fer-arcju.ch<\/td>\n<td style=\"width: 25%; height: 24px;\">032 465 15 86<\/td>\n<\/tr>\n<tr style=\"height: 24px;\">\n<td style=\"width: 25%; height: 24px;\">Arnaud Vuillaume<\/td>\n<td style=\"width: 25%; height: 24px;\">Secr\u00e9taire patronal<\/td>\n<td style=\"width: 25%; height: 24px;\">arnaud.vuillaume@fer-arcju.ch<\/td>\n<td style=\"width: 25%; height: 24px;\">032 465 15 75<\/td>\n<\/tr>\n<\/tbody>\n<\/table>\n<p>&nbsp;<\/p>\n<p>[\/et_pb_text][et_pb_divider _builder_version=\u00a0\u00bb4.27.4&Prime; _module_preset=\u00a0\u00bbdefault\u00a0\u00bb min_height=\u00a0\u00bb0.8px\u00a0\u00bb global_colors_info=\u00a0\u00bb{}\u00a0\u00bb][\/et_pb_divider][\/et_pb_column][\/et_pb_row][et_pb_row column_structure=\u00a0\u00bb1_2,1_2&Prime; _builder_version=\u00a0\u00bb4.27.4&Prime; _module_preset=\u00a0\u00bbdefault\u00a0\u00bb custom_margin=\u00a0\u00bb-2px|auto||auto||\u00a0\u00bb custom_padding=\u00a0\u00bb9px|||||\u00a0\u00bb global_colors_info=\u00a0\u00bb{}\u00a0\u00bb][et_pb_column type=\u00a0\u00bb1_2&Prime; _builder_version=\u00a0\u00bb4.27.4&Prime; _module_preset=\u00a0\u00bbdefault\u00a0\u00bb global_colors_info=\u00a0\u00bb{}\u00a0\u00bb][et_pb_text _builder_version=\u00a0\u00bb4.27.4&Prime; _module_preset=\u00a0\u00bbdefault\u00a0\u00bb custom_padding=\u00a0\u00bb||0px|||\u00a0\u00bb global_colors_info=\u00a0\u00bb{}\u00a0\u00bb]<\/p>\n<h4>L&rsquo;association<\/h4>\n<p>&nbsp;<\/p>\n<p>L&rsquo;association se compose des diff\u00e9rentes commissions paritaires r\u00e9gionales dans le canton du Jura, principalement actives dans le secteur de la construction. Le comit\u00e9 est compos\u00e9 paritairement.<\/p>\n<p>[\/et_pb_text][\/et_pb_column][et_pb_column type=\u00a0\u00bb1_2&Prime; _builder_version=\u00a0\u00bb4.27.4&Prime; _module_preset=\u00a0\u00bbdefault\u00a0\u00bb global_colors_info=\u00a0\u00bb{}\u00a0\u00bb][et_pb_text _builder_version=\u00a0\u00bb4.27.4&Prime; _module_preset=\u00a0\u00bbdefault\u00a0\u00bb custom_padding=\u00a0\u00bb||25px|||\u00a0\u00bb global_colors_info=\u00a0\u00bb{}\u00a0\u00bb]<\/p>\n<table border=\"1\" style=\"border-collapse: collapse; width: 100%; height: 144px;\">\n<tbody>\n<tr style=\"height: 24px;\">\n<td style=\"width: 50%; height: 24px;\"><strong>Membres du comit\u00e9<\/strong><\/td>\n<td style=\"width: 50%; height: 24px;\"><strong>Fonction<\/strong><\/td>\n<\/tr>\n<tr style=\"height: 24px;\">\n<td style=\"width: 50%; height: 24px;\">Anne-May Boillat<\/td>\n<td style=\"width: 50%; height: 24px;\">Repr\u00e9sentante syndicale &#8211; Pr\u00e9sidente<\/td>\n<\/tr>\n<tr style=\"height: 24px;\">\n<td style=\"width: 50%; height: 24px;\">Pierre-Yves Migy<\/td>\n<td style=\"width: 50%; height: 24px;\">Repr\u00e9sentant patronal &#8211; Vice-pr\u00e9sident<\/td>\n<\/tr>\n<tr style=\"height: 24px;\">\n<td style=\"width: 50%; height: 24px;\">Rebecca Lena-Cristofaro<\/td>\n<td style=\"width: 50%; height: 24px;\">Repr\u00e9sentante syndicale<\/td>\n<\/tr>\n<tr style=\"height: 24px;\">\n<td style=\"width: 50%; height: 24px;\">Laurent Crevoisier<\/td>\n<td style=\"width: 50%; height: 24px;\">Repr\u00e9sentant syndical<\/td>\n<\/tr>\n<tr style=\"height: 24px;\">\n<td style=\"width: 50%; height: 24px;\">Fabrice Beynon<\/td>\n<td style=\"width: 50%; height: 24px;\">Repr\u00e9sentant patronal<\/td>\n<\/tr>\n<tr>\n<td style=\"width: 50%;\">Arnaud Vuillaume<\/td>\n<td style=\"width: 50%;\">Repr\u00e9sentant patronal &#8211; Secr\u00e9taire<\/td>\n<\/tr>\n<\/tbody>\n<\/table>\n<p>[\/et_pb_text][\/et_pb_column][\/et_pb_row][\/et_pb_section]<\/p>\n","protected":false},"excerpt":{"rendered":"<p>A propos de nous &nbsp; L&rsquo;inspectorat Deux inspecteurs effectuent les contr\u00f4les de chantiers sur le territoire du canton du Jura au nom de l&rsquo;AICPJ. Le secr\u00e9tariat est assur\u00e9 par le bureau des m\u00e9tiers de la FER-Arcju \u00e0 Porrentruy. Collaborateur R\u00f4le Adresse mail T\u00e9l\u00e9phone direct St\u00e8ve Meylan Inspecteur des chantiers steve.meylan@ccjura.ch 079 441 37 99 Hubert [&hellip;]<\/p>\n","protected":false},"author":2,"featured_media":0,"parent":0,"menu_order":0,"comment_status":"closed","ping_status":"closed","template":"","meta":{"_et_pb_use_builder":"on","_et_pb_old_content":"","_et_gb_content_width":"","footnotes":""},"class_list":["post-275","page","type-page","status-publish","hentry"],"_links":{"self":[{"href":"https:\/\/ccjura.ch\/index.php?rest_route=\/wp\/v2\/pages\/275","targetHints":{"allow":["GET"]}}],"collection":[{"href":"https:\/\/ccjura.ch\/index.php?rest_route=\/wp\/v2\/pages"}],"about":[{"href":"https:\/\/ccjura.ch\/index.php?rest_route=\/wp\/v2\/types\/page"}],"author":[{"embeddable":true,"href":"https:\/\/ccjura.ch\/index.php?rest_route=\/wp\/v2\/users\/2"}],"replies":[{"embeddable":true,"href":"https:\/\/ccjura.ch\/index.php?rest_route=%2Fwp%2Fv2%2Fcomments&post=275"}],"version-history":[{"count":4,"href":"https:\/\/ccjura.ch\/index.php?rest_route=\/wp\/v2\/pages\/275\/revisions"}],"predecessor-version":[{"id":286,"href":"https:\/\/ccjura.ch\/index.php?rest_route=\/wp\/v2\/pages\/275\/revisions\/286"}],"wp:attachment":[{"href":"https:\/\/ccjura.ch\/index.php?rest_route=%2Fwp%2Fv2%2Fmedia&parent=275"}],"curies":[{"name":"wp","href":"https:\/\/api.w.org\/{rel}","templated":true}]}}